{"id":11,"date":"2025-05-14T20:11:00","date_gmt":"2025-05-14T18:11:00","guid":{"rendered":"http:\/\/localhost\/wordpress\/?page_id=11"},"modified":"2025-05-28T23:08:14","modified_gmt":"2025-05-28T21:08:14","slug":"qui-som","status":"publish","type":"page","link":"https:\/\/casaforaui.org\/index.php\/qui-som\/","title":{"rendered":"Qui som?"},"content":{"rendered":"\n<p>La teua casa, la teua llar.<\/p>\n\n\n\n<figure class=\"wp-block-image size-full\"><img loading=\"lazy\" decoding=\"async\" width=\"1600\" height=\"720\" src=\"https:\/\/casaforaui.org\/wp-content\/uploads\/2025\/05\/WhatsApp-Image-2024-11-05-at-17.45.55-2.jpeg\" alt=\"\" class=\"wp-image-69\"\/><\/figure>\n\n\n\n<p>Aquest lema resumeix l\u2019ess\u00e8ncia del nostre projecte, en qu\u00e8 fem all\u00f2 possible per oferir un espai segur i acollidor per a persones i fam\u00edlies de tota mena, tot esfor\u00e7ant-nos per abra\u00e7ar les situacions en risc d\u2019exclusi\u00f3 social a Gandia.<br><br>Ens enfoquem en crear una \u00abllar\u00bb comunit\u00e0ria al cor del barri les 500 de Gandia on tots i totes puguen no nom\u00e9s atendre les necessitats b\u00e0siques i de desenvolupament personal, sin\u00f3 tamb\u00e9 trobar suport, acompanyament i simpatia, fomentant una vida digna i participativa.<\/p>\n\n\n\n<div class=\"wp-block-columns is-layout-flex wp-container-core-columns-is-layout-28f84493 wp-block-columns-is-layout-flex\">\n<div class=\"wp-block-column is-layout-flow wp-block-column-is-layout-flow\">\n<figure class=\"wp-block-image aligncenter size-full\"><img loading=\"lazy\" decoding=\"async\" width=\"1200\" height=\"1600\" src=\"https:\/\/casaforaui.org\/wp-content\/uploads\/2025\/05\/WhatsApp-Image-2024-11-05-at-17.49.01.jpeg\" alt=\"\" class=\"wp-image-73\"\/><\/figure>\n<\/div>\n\n\n\n<div class=\"wp-block-column is-layout-flow wp-block-column-is-layout-flow\">\n<figure class=\"wp-block-image aligncenter size-full\"><img loading=\"lazy\" decoding=\"async\" width=\"1536\" height=\"2048\" src=\"https:\/\/casaforaui.org\/wp-content\/uploads\/2025\/05\/WhatsApp-Image-2024-11-07-at-10.13.47.jpeg\" alt=\"\" class=\"wp-image-75\" style=\"object-fit:cover\"\/><\/figure>\n<\/div>\n<\/div>\n\n\n\n<h5 class=\"wp-block-heading\">Missi\u00f3<\/h5>\n\n\n\n<p>La nostra misi\u00f3 recau en alleugerir les pressions quotidianes de les persones interessades i col\u00b7lectius en risc d\u2019exclusi\u00f3 social mitjan\u00e7ant l&#8217;acc\u00e9s a serveis b\u00e0sics, formaci\u00f3 i activitats educatives i culturals.<br><br>Treballem des de la sostenibilitat i el respecte pel medi ambient, promovent din\u00e0miques que ajuden a preservar l&#8217;entorn natural per tal de fomentar un model d\u2019oci alternatiu-no consumista: Oferim alternatives culturals que no nom\u00e9s milloren el benestar personal, sin\u00f3 que reforcen la cohesi\u00f3 social i eviten l\u2019a\u00efllament de les persones en situaci\u00f3 de vulnerabilitat.<br><br>Tot a\u00e7\u00f2 per mitj\u00e0 de la solidaritat amb un voluntariat conscient.<\/p>\n\n\n\n<h5 class=\"wp-block-heading\">Visi\u00f3<\/h5>\n\n\n\n<p>Afavorir les oportunitats d\u2019integraci\u00f3 social i laboral mitjan\u00e7ant activitats comunit\u00e0ries, educatives i recreatives. Amb la visi\u00f3 de potenciar el sentiment de pertinen\u00e7a comunit\u00e0ria i la corresponsabilitat, fomentant que les persones que hi participen assumeixen un rol actiu en la seva context.<br><br>Pretenem desenvolupar habilitats personals i col\u00b7lectives que contribueixin a l\u2019apoderament, en especial dels individus en situaci\u00f3 de risc d\u2019exclusi\u00f3, tot millorant la seua qualitat de vida, relaci\u00f3 i autonomia.<\/p>\n","protected":false},"excerpt":{"rendered":"<p>La teua casa, la teua llar. Aquest lema resumeix l\u2019ess\u00e8ncia del nostre projecte, en qu\u00e8 fem all\u00f2 possible per oferir un espai segur i acollidor per a persones i fam\u00edlies de tota mena, tot esfor\u00e7ant-nos per abra\u00e7ar les situacions en risc d\u2019exclusi\u00f3 social a Gandia. Ens enfoquem en crear una \u00abllar\u00bb comunit\u00e0ria al cor del [&hellip;]<\/p>\n","protected":false},"author":1,"featured_media":0,"parent":0,"menu_order":0,"comment_status":"closed","ping_status":"closed","template":"","meta":{"footnotes":""},"class_list":["post-11","page","type-page","status-publish","hentry"],"_links":{"self":[{"href":"https:\/\/casaforaui.org\/index.php\/wp-json\/wp\/v2\/pages\/11","targetHints":{"allow":["GET"]}}],"collection":[{"href":"https:\/\/casaforaui.org\/index.php\/wp-json\/wp\/v2\/pages"}],"about":[{"href":"https:\/\/casaforaui.org\/index.php\/wp-json\/wp\/v2\/types\/page"}],"author":[{"embeddable":true,"href":"https:\/\/casaforaui.org\/index.php\/wp-json\/wp\/v2\/users\/1"}],"replies":[{"embeddable":true,"href":"https:\/\/casaforaui.org\/index.php\/wp-json\/wp\/v2\/comments?post=11"}],"version-history":[{"count":8,"href":"https:\/\/casaforaui.org\/index.php\/wp-json\/wp\/v2\/pages\/11\/revisions"}],"predecessor-version":[{"id":351,"href":"https:\/\/casaforaui.org\/index.php\/wp-json\/wp\/v2\/pages\/11\/revisions\/351"}],"wp:attachment":[{"href":"https:\/\/casaforaui.org\/index.php\/wp-json\/wp\/v2\/media?parent=11"}],"curies":[{"name":"wp","href":"https:\/\/api.w.org\/{rel}","templated":true}]}}